{"id":700,"date":"2026-08-14T19:53:46","date_gmt":"2026-08-14T19:53:46","guid":{"rendered":"https:\/\/studiojenno.fi\/?page_id=700"},"modified":"2026-08-14T22:14:34","modified_gmt":"2026-08-14T22:14:34","slug":"tarinani","status":"publish","type":"page","link":"https:\/\/studiojenno.fi\/?page_id=700","title":{"rendered":"Tarinani"},"content":{"rendered":"\n<div class=\"wp-block-group is-layout-constrained wp-block-group-is-layout-constrained\">\n<p>Olen ollut k\u00e4sill\u00e4 tekemisen parissa oikeastaan koko el\u00e4m\u00e4ni \u2013 lapsena askartelin, piirsin ja kokeilin erilaisia materiaaleja innolla. Luovuus ja kokeileva tekeminen ovat kulkeneet mukanani alusta asti, ja niist\u00e4 on kasvanut vuosien varrella ammatti.<\/p>\n\n\n\n<p>Olen koulutukseltani muotoilija, artesaani ja markkinointiassistentti. Minua voisi kuvailla my\u00f6s luovien alojen moniosaajaksi. Yhdist\u00e4n ty\u00f6ss\u00e4ni visuaalisen suunnittelun, vahvan materiaaliosaamisen ja k\u00e4yt\u00e4nn\u00f6n tekemisen taidot sek\u00e4 ymm\u00e4rryksen siit\u00e4, miten tuotteet toimivat markkinoilla. Suunnittelussani korostuvat luonnonmukaisuus, selkeys ja ajattomuus.<\/p>\n\n\n\n<div class=\"wp-block-group is-nowrap is-layout-flex wp-container-core-group-is-layout-6c531013 wp-block-group-is-layout-flex\">\n<p>Minulla on yli seitsem\u00e4n vuoden kokemus tuotemuotoilijana. Hallitsen koko suunnitteluprosessin ideoinnista konseptointiin, prototypointiin ja valmiisiin tuotteisiin asti. Osaan huomioida k\u00e4ytt\u00e4j\u00e4l\u00e4ht\u00f6isyyden, valmistettavuuden sek\u00e4 kustannustehokkuuden, ja ty\u00f6skentelen sujuvasti erilaisten materiaalien ja valmistusmenetelmien parissa.&nbsp;<\/p>\n<\/div>\n\n\n\n<p>Vastuullisuus on t\u00e4rke\u00e4 osa tekemist\u00e4ni \u2013 pyrin suunnittelemaan kest\u00e4vi\u00e4, pitk\u00e4ik\u00e4isi\u00e4 ja harkittuja tuotteita sek\u00e4 tekem\u00e4\u00e4n materiaalivalintoja tietoisesti.<\/p>\n\n\n\n<p>Ty\u00f6skentely eri sidosryhmien, kuten asiakkaiden, valmistajien ja muiden suunnittelun ammattilaisten kanssa, on syvent\u00e4nyt ymm\u00e4rryst\u00e4ni tuotesuunnittelusta kokonaisuutena. Ymm\u00e4rr\u00e4n paremmin eri n\u00e4k\u00f6kulmia ja osaan sovittaa yhteen k\u00e4ytt\u00e4jien tarpeet, tuotannon vaatimukset sek\u00e4 liiketoiminnalliset tavoitteet. Teen tuotteita, jotka ovat toimivia, kest\u00e4vi\u00e4 ja hyv\u00e4nn\u00e4k\u00f6isi\u00e4 \u2013 luonnollisia, ajattomia ja ennen kaikkea tarkoituksenmukaisia.&nbsp;<\/p>\n\n\n\n<p>Luovuus on minulle el\u00e4m\u00e4ntapa, joka n\u00e4kyy sek\u00e4 ty\u00f6ss\u00e4ni ett\u00e4 vapaa-ajallani. Innostun kuvataiteesta, keramiikasta ja erilaisista luovista projekteista, joissa p\u00e4\u00e4sen kokeilemaan, yhdistelem\u00e4\u00e4n ja antamaan materiaalien vied\u00e4 \u2013 usein luonnon inspiroimana. K\u00e4sill\u00e4 tekeminen on minulle paitsi tapa kehitt\u00e4\u00e4 ideoita, my\u00f6s keino rauhoittua, keskitty\u00e4 ja nauttia tekemisest\u00e4.<\/p>\n<\/div>\n\n\n\n<p><\/p>\n\n\n\n<figure class=\"wp-block-image aligncenter size-large is-resized\"><img loading=\"lazy\" decoding=\"async\" width=\"1024\" height=\"1024\" src=\"https:\/\/studiojenno.fi\/wp-content\/uploads\/2026\/05\/face-1024x1024.png\" alt=\"\" class=\"wp-image-83\" style=\"width:182px;height:auto\" srcset=\"https:\/\/studiojenno.fi\/wp-content\/uploads\/2026\/05\/face-1024x1024.png 1024w, https:\/\/studiojenno.fi\/wp-content\/uploads\/2026\/05\/face-300x300.png 300w, https:\/\/studiojenno.fi\/wp-content\/uploads\/2026\/05\/face-150x150.png 150w, https:\/\/studiojenno.fi\/wp-content\/uploads\/2026\/05\/face-768x768.png 768w, https:\/\/studiojenno.fi\/wp-content\/uploads\/2026\/05\/face-1536x1536.png 1536w, https:\/\/studiojenno.fi\/wp-content\/uploads\/2026\/05\/face.png 1769w\" sizes=\"auto, (max-width: 1024px) 100vw, 1024px\" \/><\/figure>\n","protected":false},"excerpt":{"rendered":"<p>Olen ollut k\u00e4sill\u00e4 tekemisen parissa oikeastaan koko el\u00e4m\u00e4ni \u2013 lapsena askartelin, piirsin ja kokeilin erilaisia materiaaleja innolla. Luovuus ja kokeileva tekeminen ovat kulkeneet mukanani alusta asti, ja niist\u00e4 on kasvanut vuosien varrella ammatti. Olen koulutukseltani muotoilija, artesaani ja markkinointiassistentti. Minua voisi kuvailla my\u00f6s luovien alojen moniosaajaksi. Yhdist\u00e4n ty\u00f6ss\u00e4ni visuaalisen suunnittelun, vahvan materiaaliosaamisen ja k\u00e4yt\u00e4nn\u00f6n tekemisen [&hellip;]<\/p>\n","protected":false},"author":1,"featured_media":0,"parent":671,"menu_order":4,"comment_status":"closed","ping_status":"closed","template":"sivu-tekstille","meta":{"footnotes":""},"class_list":["post-700","page","type-page","status-publish","hentry"],"_links":{"self":[{"href":"https:\/\/studiojenno.fi\/index.php?rest_route=\/wp\/v2\/pages\/700","targetHints":{"allow":["GET"]}}],"collection":[{"href":"https:\/\/studiojenno.fi\/index.php?rest_route=\/wp\/v2\/pages"}],"about":[{"href":"https:\/\/studiojenno.fi\/index.php?rest_route=\/wp\/v2\/types\/page"}],"author":[{"embeddable":true,"href":"https:\/\/studiojenno.fi\/index.php?rest_route=\/wp\/v2\/users\/1"}],"replies":[{"embeddable":true,"href":"https:\/\/studiojenno.fi\/index.php?rest_route=%2Fwp%2Fv2%2Fcomments&post=700"}],"version-history":[{"count":3,"href":"https:\/\/studiojenno.fi\/index.php?rest_route=\/wp\/v2\/pages\/700\/revisions"}],"predecessor-version":[{"id":707,"href":"https:\/\/studiojenno.fi\/index.php?rest_route=\/wp\/v2\/pages\/700\/revisions\/707"}],"up":[{"embeddable":true,"href":"https:\/\/studiojenno.fi\/index.php?rest_route=\/wp\/v2\/pages\/671"}],"wp:attachment":[{"href":"https:\/\/studiojenno.fi\/index.php?rest_route=%2Fwp%2Fv2%2Fmedia&parent=700"}],"curies":[{"name":"wp","href":"https:\/\/api.w.org\/{rel}","templated":true}]}}